{"id":63,"date":"2024-06-29T12:49:27","date_gmt":"2024-06-29T12:49:27","guid":{"rendered":"https:\/\/asodana23.org\/?page_id=63"},"modified":"2024-10-29T16:34:29","modified_gmt":"2024-10-29T16:34:29","slug":"inicio","status":"publish","type":"page","link":"https:\/\/asodana23.org\/","title":{"rendered":"Inicio"},"content":{"rendered":"\n<div class=\"wp-block-genesis-blocks-gb-columns gb-layout-columns-1 one-column gb-has-background-dim gb-has-background-dim-80 gb-background-cover gb-background-no-repeat gb-has-custom-background-color gb-columns-center alignfull\" style=\"padding-top:15%;padding-right:8%;padding-bottom:25%;padding-left:8%;background-color:#0e274d;background-image:url(https:\/\/asodana23.org\/wp-content\/uploads\/2024\/10\/WhatsApp-Image-2024-10-11-at-08.04.27.jpeg);background-position:50% 46%\"><div class=\"gb-layout-column-wrap gb-block-layout-column-gap-0 gb-is-responsive-column\" style=\"max-width:1200px\">\n<div class=\"wp-block-genesis-blocks-gb-column gb-block-layout-column\"><div class=\"gb-block-layout-column-inner\">\n<p class=\"has-text-align-left\"><\/p>\n<\/div><\/div>\n<\/div><\/div>\n\n\n\n<div class=\"wp-block-genesis-blocks-gb-columns gb-layout-columns-2 gb-2-col-wideleft gb-columns-center alignfull\" style=\"padding-right:4%;padding-left:4%\"><div class=\"gb-layout-column-wrap gb-block-layout-column-gap-1 gb-is-responsive-column\" style=\"max-width:1240px\">\n<div class=\"wp-block-genesis-blocks-gb-column is-style-offset-up gb-block-layout-column\"><div class=\"gb-block-layout-column-inner gb-has-custom-background-color\" style=\"padding:20px;background-color:#faf7f4\">\n<div class=\"wp-block-genesis-blocks-gb-columns gb-layout-columns-1 one-column gb-has-custom-background-color gb-has-custom-text-color\" style=\"padding-top:4%;padding-right:4%;padding-bottom:4%;padding-left:4%;background-color:#eed300;color:#ffffff\"><div class=\"gb-layout-column-wrap gb-block-layout-column-gap-2 gb-is-responsive-column\">\n<div class=\"wp-block-genesis-blocks-gb-column gb-block-layout-column\"><div class=\"gb-block-layout-column-inner\">\n<h2 class=\"wp-block-heading has-text-align-left small-heading is-style-small-text\"><strong>asociaci\u00f3n de afectados por la dana 2023 villaluenga de la sagra<\/strong><\/h2>\n\n\n\n<hr class=\"wp-block-separator has-text-color has-css-opacity has-background is-style-theme-separator\" style=\"background-color:#ffffff;color:#ffffff\"\/>\n\n\n\n<div class=\"wp-block-buttons is-content-justification-right is-layout-flex wp-container-core-buttons-is-layout-1 wp-block-buttons-is-layout-flex\">\n<div class=\"wp-block-button is-style-outline is-style-outline--1\"><a class=\"wp-block-button__link has-text-color wp-element-button\" href=\"https:\/\/asodana23.org\/?page_id=108\" style=\"color:#ffffff\">\u00fanete a la plataforma<\/a><\/div>\n<\/div>\n\n\n\n<p>\u00bfTe has visto afectado por las inundaciones? S\u00daMATE Y EVITEMOS QUE SE REPITA<\/p>\n<\/div><\/div>\n<\/div><\/div>\n<\/div><\/div>\n\n\n\n<div class=\"wp-block-genesis-blocks-gb-column gb-block-layout-column gb-is-vertically-aligned-center\"><div class=\"gb-block-layout-column-inner\" style=\"margin-top:10px;padding-top:5%;padding-left:3%;text-align:center\">\n<h1 class=\"wp-block-heading has-text-align-left is-style-capital-text is-style-xl-text\" style=\"font-size:25px\">soluciones <strong>YA <\/strong>para las inundaciones de Villaluenga de la Sagra<\/h1>\n<\/div><\/div>\n<\/div><\/div>\n\n\n\n<div style=\"background-color:#ededed;padding-left:8%;padding-right:8%;padding-top:10%\" class=\"wp-block-genesis-blocks-gb-container gb-block-container alignfull\"><div class=\"gb-container-inside\"><div class=\"gb-container-content\" style=\"max-width:1200px\">\n<h2 class=\"wp-block-heading has-text-align-left is-style-default has-text-color has-link-color wp-elements-e919c6c61788ec70014c3335fb13617b\" style=\"color:#000000\"><strong>Afectados por la DANA en Villaluenga de la Sagra<\/strong><\/h2>\n\n\n\n<p class=\"has-text-align-left has-text-color has-link-color wp-elements-42fadb2c39648bbdfb93c01900e9b50c\" style=\"color:#010101\">Un espacio para informar y apoyar a los afectados por las devastadoras inundaciones que golpearon Villaluenga de la Sagra en septiembre de 2023. Este sitio busca coordinar esfuerzos, difundir recursos de ayuda y promover soluciones para prevenir futuros desastres. Juntos, trabajamos para recuperar nuestras viviendas y comunidades, con una visi\u00f3n hacia un futuro m\u00e1s seguro y resiliente.<\/p>\n\n\n\n<hr class=\"wp-block-separator has-css-opacity is-style-theme-separator\"\/>\n\n\n\n<div class=\"wp-block-genesis-blocks-gb-columns gb-layout-service-4 gb-layout-columns-2 gb-2-col-wideleft has-theme-primary-background-color gb-columns-center alignfull\" style=\"padding-top:3%;padding-right:3%;padding-bottom:3%;padding-left:3%\"><div class=\"gb-layout-column-wrap gb-block-layout-column-gap-6 gb-is-responsive-column\" style=\"max-width:2000px\">\n<div class=\"wp-block-genesis-blocks-gb-column gb-block-layout-column\"><div class=\"gb-block-layout-column-inner\">\n<p class=\"has-normal-font-size\"><br><strong>La DANA <\/strong>que golpe\u00f3 <strong>Toledo en septiembre de 2023<\/strong> dej\u00f3 a <strong>Villaluenga de la Sagra <\/strong>y otros municipios en una <strong>situaci\u00f3n cr\u00edtica<\/strong> debido a las intensas <strong>lluvias e inundaciones<\/strong>. En Villaluenga, los vecinos tuvieron que lidiar con lodo, agua estancada, y una gran cantidad de escombros dentro de sus viviendas y negocios. Muchos hogares quedaron <strong>sin electricidad<\/strong> y sin acceso a Internet, lo cual dificult\u00f3 los llamados de ayuda y las labores de limpieza. Adem\u00e1s, Protecci\u00f3n Civil distribuy\u00f3 motobombas para drenar el agua, aunque solo algunos pudieron utilizarlas debido a la falta de energ\u00eda el\u00e9ctrica.<\/p>\n\n\n\n<p class=\"has-normal-font-size\"><br>Las lluvias acumuladas en Toledo durante la DANA fueron extraordinarias, alcanzando hasta 267 litros por metro cuadrado en algunos puntos. La situaci\u00f3n tambi\u00e9n caus\u00f3 problemas de transporte, interrumpiendo las l\u00edneas de autob\u00fas y ferrocarril en la regi\u00f3n<\/p>\n\n\n\n<p class=\"has-normal-font-size\"><br>El impacto en Villaluenga fue especialmente duro, con calles y viviendas sumergidas en agua y barro. A pesar de los esfuerzos de los habitantes para limpiar y recuperar la normalidad, las p\u00e9rdidas materiales y el da\u00f1o emocional fueron considerables. La zona fue declarada como una de las m\u00e1s afectadas, y actualmente los residentes pueden solicitar ayudas para mitigar los da\u00f1os y ayudar en la recuperaci\u00f3n.<\/p>\n<\/div><\/div>\n\n\n\n<div class=\"wp-block-genesis-blocks-gb-column gb-block-layout-column gb-is-vertically-aligned-center\"><div class=\"gb-block-layout-column-inner\"><div class=\"wp-block-image theme-corners is-style-image-corners\">\n<figure class=\"aligncenter size-large\"><img alt=\"\" loading=\"lazy\" decoding=\"async\" width=\"1024\" height=\"684\" src=\"https:\/\/asodana23.org\/wp-content\/uploads\/2024\/10\/villlaluenga-DANA23-677-1024x684.jpg\" alt=\"\" class=\"wp-image-46\" srcset=\"https:\/\/asodana23.org\/wp-content\/uploads\/2024\/10\/villlaluenga-DANA23-677-1024x684.jpg 1024w, https:\/\/asodana23.org\/wp-content\/uploads\/2024\/10\/villlaluenga-DANA23-677-300x200.jpg 300w, https:\/\/asodana23.org\/wp-content\/uploads\/2024\/10\/villlaluenga-DANA23-677-768x513.jpg 768w, https:\/\/asodana23.org\/wp-content\/uploads\/2024\/10\/villlaluenga-DANA23-677-600x400.jpg 600w, https:\/\/asodana23.org\/wp-content\/uploads\/2024\/10\/villlaluenga-DANA23-677.jpg 1417w\" sizes=\"auto, (max-width: 1024px) 100vw, 1024px\" \/><\/figure><\/div><\/div><\/div>\n<\/div><\/div>\n<\/div><\/div><\/div>\n\n\n\n<h1 class=\"wp-block-heading has-text-align-center is-style-small-text has-text-color has-link-color has-larger-font-size wp-elements-bb66776ee2ee464b4065c0f4c59eabe6\" style=\"color:#0f0f0f\"><strong>DANA 2023 EN LOS MEDIOS<\/strong><\/h1>\n\n\n\n<div class=\"wp-block-genesis-blocks-gb-columns gb-layout-team-1 gb-layout-columns-1 one-column gb-columns-center alignfull\" style=\"padding-top:2%;padding-right:8%;padding-bottom:3%;padding-left:8%\"><div class=\"gb-layout-column-wrap gb-block-layout-column-gap-2 gb-is-responsive-column\" style=\"max-width:2000px\">\n<div class=\"wp-block-genesis-blocks-gb-column gb-block-layout-column\"><div class=\"gb-block-layout-column-inner\">\n<div class=\"wp-block-genesis-blocks-gb-columns gb-layout-columns-3 gb-3-col-equal\" style=\"padding-right:8px;padding-bottom:10px;padding-left:8px\"><div class=\"gb-layout-column-wrap gb-block-layout-column-gap-2 gb-is-responsive-column\">\n<div class=\"wp-block-genesis-blocks-gb-column is-style-column-corners gb-block-layout-column\"><div class=\"gb-block-layout-column-inner\">\n<div style=\"background-color:#ffffff;color:#000000\" class=\"wp-block-genesis-blocks-gb-profile-box square gb-has-avatar gb-font-size-18 gb-block-profile gb-profile-columns\"><div class=\"gb-profile-column gb-profile-avatar-wrap\"><div class=\"gb-profile-image-wrap\"><figure class=\"gb-profile-image-square\"><img alt=\"\" loading=\"lazy\" decoding=\"async\" width=\"1417\" height=\"946\" class=\"gb-profile-avatar wp-image-47\" src=\"https:\/\/asodana23.org\/wp-content\/uploads\/2024\/10\/villlaluenga-DANA23-679.jpg\" alt=\"\" srcset=\"https:\/\/asodana23.org\/wp-content\/uploads\/2024\/10\/villlaluenga-DANA23-679.jpg 1417w, https:\/\/asodana23.org\/wp-content\/uploads\/2024\/10\/villlaluenga-DANA23-679-300x200.jpg 300w, https:\/\/asodana23.org\/wp-content\/uploads\/2024\/10\/villlaluenga-DANA23-679-1024x684.jpg 1024w, https:\/\/asodana23.org\/wp-content\/uploads\/2024\/10\/villlaluenga-DANA23-679-768x513.jpg 768w, https:\/\/asodana23.org\/wp-content\/uploads\/2024\/10\/villlaluenga-DANA23-679-600x400.jpg 600w\" sizes=\"auto, (max-width: 1417px) 100vw, 1417px\" \/><\/figure><\/div><\/div><div class=\"gb-profile-column gb-profile-content-wrap\"><h2 class=\"gb-profile-name\" style=\"color:#000000\"><a href=\"https:\/\/elpais.com\/espana\/madrid\/2023-09-05\/la-dana-deja-un-rastro-de-destruccion-y-desesperacion-la-gente-gritaba-que-se-iba-a-ahogar.html\">El Pa\u00eds<\/a><\/h2><p class=\"gb-profile-title\" style=\"color:#000000\"><\/p><div class=\"gb-profile-text\"><p>Cobertura sobre los efectos de la DANA en Villaluenga, destacando el da\u00f1o a viviendas y el apoyo insuficiente para los afectados.&nbsp;<\/p><\/div><ul class=\"gb-social-links\"><\/ul><\/div><\/div>\n<\/div><\/div>\n\n\n\n<div class=\"wp-block-genesis-blocks-gb-column is-style-column-corners gb-block-layout-column\"><div class=\"gb-block-layout-column-inner\">\n<div style=\"background-color:#ffffff;color:#000000\" class=\"wp-block-genesis-blocks-gb-profile-box square gb-has-avatar gb-font-size-18 gb-block-profile gb-profile-columns\"><div class=\"gb-profile-column gb-profile-avatar-wrap\"><div class=\"gb-profile-image-wrap\"><figure class=\"gb-profile-image-square\"><img alt=\"\" loading=\"lazy\" decoding=\"async\" width=\"1417\" height=\"946\" class=\"gb-profile-avatar wp-image-24\" src=\"https:\/\/asodana23.org\/wp-content\/uploads\/2024\/10\/villlaluenga-DANA23-624.jpg\" alt=\"\" srcset=\"https:\/\/asodana23.org\/wp-content\/uploads\/2024\/10\/villlaluenga-DANA23-624.jpg 1417w, https:\/\/asodana23.org\/wp-content\/uploads\/2024\/10\/villlaluenga-DANA23-624-300x200.jpg 300w, https:\/\/asodana23.org\/wp-content\/uploads\/2024\/10\/villlaluenga-DANA23-624-1024x684.jpg 1024w, https:\/\/asodana23.org\/wp-content\/uploads\/2024\/10\/villlaluenga-DANA23-624-768x513.jpg 768w, https:\/\/asodana23.org\/wp-content\/uploads\/2024\/10\/villlaluenga-DANA23-624-600x400.jpg 600w\" sizes=\"auto, (max-width: 1417px) 100vw, 1417px\" \/><\/figure><\/div><\/div><div class=\"gb-profile-column gb-profile-content-wrap\"><h2 class=\"gb-profile-name\" style=\"color:#000000\"><a href=\"https:\/\/www.encastillalamancha.es\/fotogaleria\/fotos-dana-yunclillos-villaluenga-toledo\/#slideimg_4\"><strong>En Castilla-La Mancha (ENCLM)<\/strong>&nbsp;<\/a><\/h2><p class=\"gb-profile-title\" style=\"color:#000000\"><\/p><div class=\"gb-profile-text\"><p>Una galer\u00eda de fotos que muestra la devastaci\u00f3n en Villaluenga y Yunclillos tras la DANA de septiembre de 2023.<\/p><\/div><ul class=\"gb-social-links\"><\/ul><\/div><\/div>\n<\/div><\/div>\n\n\n\n<div class=\"wp-block-genesis-blocks-gb-column is-style-column-corners gb-block-layout-column\"><div class=\"gb-block-layout-column-inner\">\n<div style=\"background-color:#ffffff;color:#000000\" class=\"wp-block-genesis-blocks-gb-profile-box square gb-has-avatar gb-font-size-18 gb-block-profile gb-profile-columns\"><div class=\"gb-profile-column gb-profile-avatar-wrap\"><div class=\"gb-profile-image-wrap\"><figure class=\"gb-profile-image-square\"><img alt=\"\" loading=\"lazy\" decoding=\"async\" width=\"1600\" height=\"1200\" class=\"gb-profile-avatar wp-image-16\" src=\"https:\/\/asodana23.org\/wp-content\/uploads\/2024\/10\/Asociacion-Dana-2024-10-11-at-08.04.27.jpeg\" alt=\"\" srcset=\"https:\/\/asodana23.org\/wp-content\/uploads\/2024\/10\/Asociacion-Dana-2024-10-11-at-08.04.27.jpeg 1600w, https:\/\/asodana23.org\/wp-content\/uploads\/2024\/10\/Asociacion-Dana-2024-10-11-at-08.04.27-300x225.jpeg 300w, https:\/\/asodana23.org\/wp-content\/uploads\/2024\/10\/Asociacion-Dana-2024-10-11-at-08.04.27-1024x768.jpeg 1024w, https:\/\/asodana23.org\/wp-content\/uploads\/2024\/10\/Asociacion-Dana-2024-10-11-at-08.04.27-768x576.jpeg 768w, https:\/\/asodana23.org\/wp-content\/uploads\/2024\/10\/Asociacion-Dana-2024-10-11-at-08.04.27-1536x1152.jpeg 1536w\" sizes=\"auto, (max-width: 1600px) 100vw, 1600px\" \/><\/figure><\/div><\/div><div class=\"gb-profile-column gb-profile-content-wrap\"><h2 class=\"gb-profile-name\" style=\"color:#000000\"><br><strong><a href=\"https:\/\/www.cmmedia.es\/noticias\/castilla-la-mancha\/toledo\/villaluenga-chozas-canales-afanan-limpiar-rastro-destruccion-dana.html\">CMMedia<\/a><\/strong><\/h2><p class=\"gb-profile-title\" style=\"color:#000000\"><\/p><div class=\"gb-profile-text\"><p>Reportaje sobre c\u00f3mo los habitantes de Villaluenga y otras localidades toledanas han enfrentado la limpieza y recuperaci\u00f3n tras el paso de la DANA.<\/p><\/div><ul class=\"gb-social-links\"><\/ul><\/div><\/div>\n<\/div><\/div>\n<\/div><\/div>\n<\/div><\/div>\n<\/div><\/div>\n\n\n\n<div class=\"wp-block-genesis-blocks-gb-columns gb-layout-team-1 gb-layout-columns-1 one-column gb-columns-center alignfull\" style=\"padding-top:2%;padding-right:8%;padding-bottom:3%;padding-left:8%\"><div class=\"gb-layout-column-wrap gb-block-layout-column-gap-2 gb-is-responsive-column\" style=\"max-width:2000px\">\n<div class=\"wp-block-genesis-blocks-gb-column gb-block-layout-column\"><div class=\"gb-block-layout-column-inner\">\n<div class=\"wp-block-genesis-blocks-gb-columns gb-layout-columns-3 gb-3-col-equal\" style=\"padding-right:8px;padding-bottom:10px;padding-left:8px\"><div class=\"gb-layout-column-wrap gb-block-layout-column-gap-2 gb-is-responsive-column\">\n<div class=\"wp-block-genesis-blocks-gb-column is-style-column-corners gb-block-layout-column\"><div class=\"gb-block-layout-column-inner\">\n<div style=\"background-color:#ffffff;color:#000000\" class=\"wp-block-genesis-blocks-gb-profile-box square gb-has-avatar gb-font-size-18 gb-block-profile gb-profile-columns\"><div class=\"gb-profile-column gb-profile-avatar-wrap\"><div class=\"gb-profile-image-wrap\"><figure class=\"gb-profile-image-square\"><img alt=\"\" loading=\"lazy\" decoding=\"async\" width=\"1417\" height=\"946\" class=\"gb-profile-avatar wp-image-47\" src=\"https:\/\/asodana23.org\/wp-content\/uploads\/2024\/10\/villlaluenga-DANA23-679.jpg\" alt=\"\" srcset=\"https:\/\/asodana23.org\/wp-content\/uploads\/2024\/10\/villlaluenga-DANA23-679.jpg 1417w, https:\/\/asodana23.org\/wp-content\/uploads\/2024\/10\/villlaluenga-DANA23-679-300x200.jpg 300w, https:\/\/asodana23.org\/wp-content\/uploads\/2024\/10\/villlaluenga-DANA23-679-1024x684.jpg 1024w, https:\/\/asodana23.org\/wp-content\/uploads\/2024\/10\/villlaluenga-DANA23-679-768x513.jpg 768w, https:\/\/asodana23.org\/wp-content\/uploads\/2024\/10\/villlaluenga-DANA23-679-600x400.jpg 600w\" sizes=\"auto, (max-width: 1417px) 100vw, 1417px\" \/><\/figure><\/div><\/div><div class=\"gb-profile-column gb-profile-content-wrap\"><h2 class=\"gb-profile-name\" style=\"color:#000000\"><a href=\"https:\/\/www.rtve.es\/noticias\/20230904\/efectos-dana-ultima-hora-directo-madrid-toledo\/2455085.shtml\">RTVE<\/a><\/h2><p class=\"gb-profile-title\" style=\"color:#000000\"><\/p><div class=\"gb-profile-text\"><p>La DANA que atraviesa la pen\u00ednsula ha puesto en alerta el centro y sureste peninsularLas fuertes lluvias dejan por el momento dos muertos en la provincia de Toledo y tres desaparecidos<\/p><\/div><ul class=\"gb-social-links\"><\/ul><\/div><\/div>\n<\/div><\/div>\n\n\n\n<div class=\"wp-block-genesis-blocks-gb-column is-style-column-corners gb-block-layout-column\"><div class=\"gb-block-layout-column-inner\">\n<div style=\"background-color:#ffffff;color:#000000\" class=\"wp-block-genesis-blocks-gb-profile-box square gb-has-avatar gb-font-size-18 gb-block-profile gb-profile-columns\"><div class=\"gb-profile-column gb-profile-avatar-wrap\"><div class=\"gb-profile-image-wrap\"><figure class=\"gb-profile-image-square\"><img alt=\"\" loading=\"lazy\" decoding=\"async\" width=\"1417\" height=\"946\" class=\"gb-profile-avatar wp-image-24\" src=\"https:\/\/asodana23.org\/wp-content\/uploads\/2024\/10\/villlaluenga-DANA23-624.jpg\" alt=\"\" srcset=\"https:\/\/asodana23.org\/wp-content\/uploads\/2024\/10\/villlaluenga-DANA23-624.jpg 1417w, https:\/\/asodana23.org\/wp-content\/uploads\/2024\/10\/villlaluenga-DANA23-624-300x200.jpg 300w, https:\/\/asodana23.org\/wp-content\/uploads\/2024\/10\/villlaluenga-DANA23-624-1024x684.jpg 1024w, https:\/\/asodana23.org\/wp-content\/uploads\/2024\/10\/villlaluenga-DANA23-624-768x513.jpg 768w, https:\/\/asodana23.org\/wp-content\/uploads\/2024\/10\/villlaluenga-DANA23-624-600x400.jpg 600w\" sizes=\"auto, (max-width: 1417px) 100vw, 1417px\" \/><\/figure><\/div><\/div><div class=\"gb-profile-column gb-profile-content-wrap\"><h2 class=\"gb-profile-name\" style=\"color:#000000\"><a href=\"https:\/\/www.latribunadetoledo.es\/noticia\/z36a74db3-fa24-f890-4de7fca5f31c1fc7\/202309\/la-dana-destrozo-la-sagra-con-1608-litrosm2\">La Tribuna de Toledo<\/a><\/h2><p class=\"gb-profile-title\" style=\"color:#000000\"><\/p><div class=\"gb-profile-text\"><p>La DANA destroz\u00f3 La Sagra con 160,8 litros\/m2<\/p><\/div><ul class=\"gb-social-links\"><\/ul><\/div><\/div>\n<\/div><\/div>\n\n\n\n<div class=\"wp-block-genesis-blocks-gb-column is-style-column-corners gb-block-layout-column\"><div class=\"gb-block-layout-column-inner\">\n<div style=\"background-color:#ffffff;color:#000000\" class=\"wp-block-genesis-blocks-gb-profile-box square gb-has-avatar gb-font-size-18 gb-block-profile gb-profile-columns\"><div class=\"gb-profile-column gb-profile-avatar-wrap\"><div class=\"gb-profile-image-wrap\"><figure class=\"gb-profile-image-square\"><img alt=\"\" loading=\"lazy\" decoding=\"async\" width=\"1600\" height=\"1200\" class=\"gb-profile-avatar wp-image-16\" src=\"https:\/\/asodana23.org\/wp-content\/uploads\/2024\/10\/Asociacion-Dana-2024-10-11-at-08.04.27.jpeg\" alt=\"\" srcset=\"https:\/\/asodana23.org\/wp-content\/uploads\/2024\/10\/Asociacion-Dana-2024-10-11-at-08.04.27.jpeg 1600w, https:\/\/asodana23.org\/wp-content\/uploads\/2024\/10\/Asociacion-Dana-2024-10-11-at-08.04.27-300x225.jpeg 300w, https:\/\/asodana23.org\/wp-content\/uploads\/2024\/10\/Asociacion-Dana-2024-10-11-at-08.04.27-1024x768.jpeg 1024w, https:\/\/asodana23.org\/wp-content\/uploads\/2024\/10\/Asociacion-Dana-2024-10-11-at-08.04.27-768x576.jpeg 768w, https:\/\/asodana23.org\/wp-content\/uploads\/2024\/10\/Asociacion-Dana-2024-10-11-at-08.04.27-1536x1152.jpeg 1536w\" sizes=\"auto, (max-width: 1600px) 100vw, 1600px\" \/><\/figure><\/div><\/div><div class=\"gb-profile-column gb-profile-content-wrap\"><h2 class=\"gb-profile-name\" style=\"color:#000000\"><br><a href=\"https:\/\/toledodiario.es\/villaluenga-de-la-sagra-reclama-a-la-diputacion-mas-ayuda-para-recuperarse-de-los-danos-de-la-dana-del-2023\/\">TOLEDO DIARIO<\/a><\/h2><p class=\"gb-profile-title\" style=\"color:#000000\"><\/p><div class=\"gb-profile-text\"><p>Villaluenga de la Sagra reclama a la Diputaci\u00f3n m\u00e1s ayuda para recuperarse de los da\u00f1os de la DANA del 2023<\/p><\/div><ul class=\"gb-social-links\"><\/ul><\/div><\/div>\n<\/div><\/div>\n<\/div><\/div>\n<\/div><\/div>\n<\/div><\/div>\n\n\n\n<div class=\"wp-block-genesis-blocks-gb-columns gb-layout-service-4 gb-layout-columns-1 gb-1-col-equal has-white-background-color gb-columns-center alignfull\" style=\"padding-top:2%;padding-right:8%;padding-bottom:2%;padding-left:8%\"><div class=\"gb-layout-column-wrap gb-block-layout-column-gap-2 gb-is-responsive-column\" style=\"max-width:1182px\">\n<div class=\"wp-block-genesis-blocks-gb-column gb-block-layout-column\"><div class=\"gb-block-layout-column-inner\">\n<figure class=\"wp-block-embed is-type-video is-provider-youtube wp-block-embed-youtube wp-embed-aspect-16-9 wp-has-aspect-ratio\"><div class=\"wp-block-embed__wrapper\">\n<iframe loading=\"lazy\" title=\"Plataforma afectados por la DANA de Villaluenga de la Sagra\" width=\"500\" height=\"281\" src=\"https:\/\/www.youtube.com\/embed\/B9_SFOjSHok?feature=oembed\" frameborder=\"0\" allow=\"accelerometer; autoplay; clipboard-write; encrypted-media; gyroscope; picture-in-picture; web-share\" referrerpolicy=\"strict-origin-when-cross-origin\" allowfullscreen><\/iframe>\n<\/div><\/figure>\n\n\n\n<p><\/p>\n<\/div><\/div>\n<\/div><\/div>\n\n\n\n<div class=\"wp-block-cover alignfull is-light\" style=\"min-height:442px;aspect-ratio:unset;\"><span aria-hidden=\"true\" class=\"wp-block-cover__background has-background-dim-80 has-background-dim\" style=\"background-color:#191511\"><\/span><img alt=\"\" loading=\"lazy\" decoding=\"async\" width=\"1600\" height=\"1200\" class=\"wp-block-cover__image-background wp-image-59\" alt=\"\" src=\"https:\/\/asodana23.org\/wp-content\/uploads\/2024\/10\/WhatsApp-Image-2024-10-11-at-08.04.27.jpeg\" data-object-fit=\"cover\" srcset=\"https:\/\/asodana23.org\/wp-content\/uploads\/2024\/10\/WhatsApp-Image-2024-10-11-at-08.04.27.jpeg 1600w, https:\/\/asodana23.org\/wp-content\/uploads\/2024\/10\/WhatsApp-Image-2024-10-11-at-08.04.27-300x225.jpeg 300w, https:\/\/asodana23.org\/wp-content\/uploads\/2024\/10\/WhatsApp-Image-2024-10-11-at-08.04.27-1024x768.jpeg 1024w, https:\/\/asodana23.org\/wp-content\/uploads\/2024\/10\/WhatsApp-Image-2024-10-11-at-08.04.27-768x576.jpeg 768w, https:\/\/asodana23.org\/wp-content\/uploads\/2024\/10\/WhatsApp-Image-2024-10-11-at-08.04.27-1536x1152.jpeg 1536w\" sizes=\"auto, (max-width: 1600px) 100vw, 1600px\" \/><div class=\"wp-block-cover__inner-container is-layout-flow wp-block-cover-is-layout-flow\">\n<div class=\"wp-block-genesis-blocks-gb-columns gb-layout-columns-1 one-column gb-columns-center alignfull\" style=\"margin-bottom:15px;padding-right:2%;padding-left:2%\"><div class=\"gb-layout-column-wrap gb-block-layout-column-gap-0 gb-is-responsive-column\" style=\"max-width:1060px\">\n<div class=\"wp-block-genesis-blocks-gb-column gb-block-layout-column\"><div class=\"gb-block-layout-column-inner gb-has-custom-text-color\" style=\"margin-bottom:30px;padding-top:20px;padding-bottom:15px;color:#ffffff\">\n<div class=\"wp-block-group\"><div class=\"wp-block-group__inner-container is-layout-flow wp-block-group-is-layout-flow\"><div class=\"wp-block-image book is-style-book-style\">\n<figure class=\"alignleft size-featured-blog is-resized\"><img alt=\"\" loading=\"lazy\" decoding=\"async\" width=\"520\" height=\"780\" src=\"https:\/\/asodana23.org\/wp-content\/uploads\/2024\/10\/IMG_7197-520x780.jpg\" alt=\"\" class=\"wp-image-91\" style=\"width:445px;height:auto\"\/><\/figure><\/div>\n\n\n<h2 class=\"wp-block-heading has-text-align-left has-text-color\" style=\"color:#ffffff\">La C\u00e1tedra del Tajo alerta de que las inundaciones &#8220;ir\u00e1n a m\u00e1s&#8221; en Toledo y propone soluciones<\/h2>\n\n\n\n<p class=\"has-text-color\" style=\"color:#ffffff\"><br>Los expertos aseguran que &#8220;es muy probable que se incrementen y aumenten las situaciones de riesgo&#8221; y ponen el foco en el mal planteamiento urban\u00edstico.<\/p>\n\n\n\n<div class=\"wp-block-buttons is-layout-flex wp-block-buttons-is-layout-flex\">\n<div class=\"wp-block-button is-style-button-line\"><a class=\"wp-block-button__link has-text-color wp-element-button\" href=\"https:\/\/www.elespanol.com\/eldigitalcastillalamancha\/region\/toledo\/20230928\/catedra-tajo-alerta-inundaciones-iran-toledo-propone-soluciones\/797920245_0.html\" style=\"color:#ffffff\">leer el articulo<\/a><\/div>\n<\/div>\n<\/div><\/div>\n<\/div><\/div>\n<\/div><\/div>\n<\/div><\/div>\n\n\n\n<div style=\"padding-left:8%;padding-right:8%;padding-bottom:10%;padding-top:10%\" class=\"wp-block-genesis-blocks-gb-container is-style-angled-underlay gb-block-container alignfull\"><div class=\"gb-container-inside\"><div class=\"gb-container-content\" style=\"max-width:1200px\">\n<div class=\"wp-block-genesis-blocks-gb-columns underlay is-style-default gb-layout-columns-2 gb-2-col-wideright aligncenter\"><div class=\"gb-layout-column-wrap gb-block-layout-column-gap-2 gb-is-responsive-column\">\n<div class=\"wp-block-genesis-blocks-gb-column gb-block-layout-column\"><div class=\"gb-block-layout-column-inner\">\n<h2 class=\"wp-block-heading\"><\/h2>\n<\/div><\/div>\n\n\n\n<div class=\"wp-block-genesis-blocks-gb-column gb-block-layout-column\"><div class=\"gb-block-layout-column-inner\">\n<p><\/p>\n<\/div><\/div>\n<\/div><\/div>\n<\/div><\/div><\/div>\n\n\n\n<div class=\"wp-block-genesis-blocks-gb-columns gb-slate-section-numbered-list-and-image gb-layout-columns-2 gb-2-col-equal gb-has-custom-background-color gb-has-custom-text-color gb-columns-center alignfull\" style=\"padding-top:6em;padding-right:1em;padding-bottom:6em;padding-left:1em;background-color:#ffffff;color:#1f1f1f\"><div class=\"gb-layout-column-wrap gb-block-layout-column-gap-3 gb-is-responsive-column\" style=\"max-width:1200px\">\n<div class=\"wp-block-genesis-blocks-gb-column is-style-column-corners gb-block-layout-column gb-is-vertically-aligned-center\"><div class=\"gb-block-layout-column-inner has-theme-primary-background-color\" style=\"margin-top:24px;margin-bottom:24px;padding-top:45px;padding-right:25px;padding-bottom:45px;padding-left:25px;background-position:50% 46%\">\n<h2 class=\"wp-block-heading\">\u00bfQu\u00e9 pedimos?<\/h2>\n\n\n\n<p>Desde nuestra asociaci\u00f3n de afectados por la DANA en Villaluenga de la Sagra, levantamos la voz para exigir medidas efectivas y preventivas que protejan nuestras viviendas, negocios y comunidades de futuras inundaciones. Pedimos al gobierno y a las autoridades que atiendan nuestras peticiones. <\/p>\n\n\n\n<figure class=\"wp-block-image size-full\"><img alt=\"\" loading=\"lazy\" decoding=\"async\" width=\"900\" height=\"500\" src=\"https:\/\/asodana23.org\/wp-content\/uploads\/2024\/10\/image.png\" alt=\"\" class=\"wp-image-99\" srcset=\"https:\/\/asodana23.org\/wp-content\/uploads\/2024\/10\/image.png 900w, https:\/\/asodana23.org\/wp-content\/uploads\/2024\/10\/image-300x167.png 300w, https:\/\/asodana23.org\/wp-content\/uploads\/2024\/10\/image-768x427.png 768w\" sizes=\"auto, (max-width: 900px) 100vw, 900px\" \/><\/figure>\n<\/div><\/div>\n\n\n\n<div class=\"wp-block-genesis-blocks-gb-column gb-block-layout-column gb-is-vertically-aligned-center\"><div class=\"gb-block-layout-column-inner\">\n<h2 class=\"wp-block-heading gpb-fluid-4 has-text-color\" style=\"color:#1f1f1f;font-size:40px\">SOLUCIONES<\/h2>\n\n\n\n<p class=\"has-text-color\" style=\"color:#1f1f1f;font-size:22px\">Para prevenir futuras inundaciones en Villaluenga de la Sagra tras la DANA de 2023, los expertos proponen varias medidas centradas en la restauraci\u00f3n y manejo adecuado de los cauces naturales y la planificaci\u00f3n urbana. Algunas de las soluciones clave incluyen:<\/p>\n\n\n\n<hr class=\"wp-block-separator has-css-opacity is-style-default\"\/>\n\n\n\n<ul class=\"wp-block-list gpb-number-list\">\n<li><strong>Restauraci\u00f3n de Llanuras de Inundaci\u00f3n<\/strong>: Es crucial recuperar el espacio natural de los arroyos y r\u00edos, evitando la urbanizaci\u00f3n en sus llanuras de inundaci\u00f3n. Esta medida permitir\u00eda a los cursos de agua expandirse naturalmente durante lluvias intensas, disminuyendo la velocidad y el impacto del agua en zonas residenciales.<\/li>\n\n\n\n<li><strong>Reforestaci\u00f3n y Recuperaci\u00f3n de Humedales:<\/strong> Aumentar la superficie forestal y restaurar humedales ayuda a absorber y reducir el caudal de agua durante lluvias fuertes, frenando as\u00ed la intensidad de las crecidas en \u00e1reas pobladas.<\/li>\n\n\n\n<li><strong>Redise\u00f1o de Infraestructura Urbana:<\/strong> En Villaluenga y otros municipios, muchos arroyos est\u00e1n canalizados o incluso soterrados bajo calles, lo que aumenta la velocidad del agua y la posibilidad de inundaciones. Los expertos recomiendan revisar y redise\u00f1ar estas estructuras para permitir un flujo m\u00e1s controlado, o en algunos casos, restaurar su cauce abierto donde sea posible para mejorar la capacidad de drenaje.<\/li>\n\n\n\n<li><strong>Estudios de Ordenaci\u00f3n Territorial: <\/strong>Es fundamental que los desarrollos urban\u00edsticos sigan un plan que contemple los mapas de zonas inundables y evite construir sobre \u00e1reas de alto riesgo. Esto implica tambi\u00e9n una mejor planificaci\u00f3n y actualizaci\u00f3n de los sistemas de drenaje para manejar eventos extremos.<\/li>\n<\/ul>\n<\/div><\/div>\n<\/div><\/div>\n\n\n\n<div class=\"wp-block-genesis-blocks-gb-columns gb-layout-testimonial-1 gb-layout-columns-1 one-column gb-columns-center alignfull\" style=\"padding-right:8%;padding-bottom:15%;padding-left:8%\"><div class=\"gb-layout-column-wrap gb-block-layout-column-gap-2 gb-is-responsive-column\" style=\"max-width:1389px\">\n<div class=\"wp-block-genesis-blocks-gb-column gb-block-layout-column\"><div class=\"gb-block-layout-column-inner\">\n<div style=\"margin-bottom:3%\" class=\"wp-block-genesis-blocks-gb-container gb-block-container\"><div class=\"gb-container-inside\"><div class=\"gb-container-content\" style=\"max-width:1200px\">\n<h2 class=\"wp-block-heading has-text-align-left is-style-default has-text-color has-link-color wp-elements-c9738c152f92dc2b279e1144af3be143\" style=\"color:#000000\"><br>No pedimos lo imposible; exigimos vivir seguros y protegidos ante un clima que cambia y ante el que necesitamos respuestas urgentes y sostenibles.<\/h2>\n\n\n\n<hr class=\"wp-block-separator has-css-opacity is-style-theme-separator\"\/>\n\n\n\n<p class=\"has-text-align-left has-text-color has-link-color wp-elements-4630183941447b5d5ac0a7a97faf58de\" style=\"color:#000000\">1. <strong>Planificaci\u00f3n Urbana Responsable<\/strong>: Revisi\u00f3n y adecuaci\u00f3n de la infraestructura y urbanizaci\u00f3n en zonas de riesgo, respetando los cauces naturales y evitando la construcci\u00f3n en \u00e1reas inundables.<\/p>\n\n\n\n<p class=\"has-text-color has-link-color wp-elements-1d32bdc9ef1368678bbd6a61d681811c\" style=\"color:#000000\">2. <strong>Mejoras en Drenaje y Canalizaci\u00f3n<\/strong>: Instalaci\u00f3n de sistemas de drenaje adecuados y la restauraci\u00f3n de llanuras de inundaci\u00f3n y humedales para absorber el agua en eventos clim\u00e1ticos extremos.<\/p>\n\n\n\n<p class=\"has-text-color has-link-color wp-elements-8ebc6074d5f563b77a6094985b4cc39b\" style=\"color:#000000\">3. <strong>Ayudas y Compromisos Reales<\/strong>: Compensaciones econ\u00f3micas inmediatas para los afectados, junto con un compromiso a largo plazo de mejora en la gesti\u00f3n de riesgos clim\u00e1ticos.<\/p>\n\n\n\n<p class=\"has-text-align-left has-text-color has-link-color wp-elements-4d6f9b896af09a1f2825ec3f275057af\" style=\"color:#000000\">4. <strong>Plan de Respuesta y Emergencia Local<\/strong>: Protocolos de emergencia efectivos y accesibles que nos garanticen una r\u00e1pida respuesta en futuras crisis.<\/p>\n<\/div><\/div><\/div>\n<\/div><\/div>\n<\/div><\/div>\n\n\n\n<div class=\"wp-block-genesis-blocks-gb-columns gb-layout-columns-1 one-column gb-has-background-dim gb-has-background-dim-20 gb-background-cover gb-background-no-repeat gb-has-custom-background-color gb-has-custom-text-color gb-columns-center alignfull\" style=\"padding-top:20%;padding-right:8%;padding-bottom:15%;padding-left:8%;background-color:#0e274d;color:#ffffff;background-image:url(https:\/\/asodana23.org\/wp-content\/uploads\/2024\/10\/villlaluenga-DANA23-714.jpg);background-position:35% 73%\"><div class=\"gb-layout-column-wrap gb-block-layout-column-gap-2 gb-is-responsive-column\" style=\"max-width:1200px\">\n<div class=\"wp-block-genesis-blocks-gb-column gb-block-layout-column\"><div class=\"gb-block-layout-column-inner\">\n<h2 class=\"wp-block-heading has-text-align-left\">GALAER\u00cdA DE IM\u00c1GENES<\/h2>\n\n\n\n<hr class=\"wp-block-separator has-text-color has-css-opacity has-background is-style-theme-separator\" style=\"background-color:#ffffff;color:#ffffff\"\/>\n\n\n\n<p class=\"has-text-align-left\"><br>Im\u00e1genes que capturan el impacto devastador que dej\u00f3 la DANA en nuestro pueblo. Estas fotos muestran c\u00f3mo nuestras calles, viviendas y negocios quedaron inundados y cubiertos de barro, revelando la magnitud de los da\u00f1os y el esfuerzo de recuperaci\u00f3n que a\u00fan enfrentamos. Queremos que estas im\u00e1genes sirvan no solo para documentar la destrucci\u00f3n, sino tambi\u00e9n como un recordatorio de la necesidad urgente de soluciones para protegernos ante futuras cat\u00e1strofes clim\u00e1ticas.<\/p>\n\n\n\n<div style=\"color:#ddd\" class=\"wp-block-genesis-blocks-gb-spacer gb-block-spacer gb-divider-solid gb-divider-size-1\"><hr style=\"height:35px\"\/><\/div>\n\n\n\n<div class=\"wp-block-genesis-blocks-gb-columns gb-layout-columns-3 gb-3-col-equal gb-has-custom-text-color\" style=\"color:#ffffff\"><div class=\"gb-layout-column-wrap gb-block-layout-column-gap-2 gb-is-responsive-column\">\n<div class=\"wp-block-genesis-blocks-gb-column gb-block-layout-column\"><div class=\"gb-block-layout-column-inner\"><div class=\"wp-block-image is-style-caption-overlay\">\n<figure class=\"aligncenter size-large\"><img alt=\"\" loading=\"lazy\" decoding=\"async\" width=\"1024\" height=\"684\" src=\"https:\/\/asodana23.org\/wp-content\/uploads\/2024\/10\/villlaluenga-DANA23-677-1024x684.jpg\" alt=\"\" class=\"wp-image-46\" srcset=\"https:\/\/asodana23.org\/wp-content\/uploads\/2024\/10\/villlaluenga-DANA23-677-1024x684.jpg 1024w, https:\/\/asodana23.org\/wp-content\/uploads\/2024\/10\/villlaluenga-DANA23-677-300x200.jpg 300w, https:\/\/asodana23.org\/wp-content\/uploads\/2024\/10\/villlaluenga-DANA23-677-768x513.jpg 768w, https:\/\/asodana23.org\/wp-content\/uploads\/2024\/10\/villlaluenga-DANA23-677-600x400.jpg 600w, https:\/\/asodana23.org\/wp-content\/uploads\/2024\/10\/villlaluenga-DANA23-677.jpg 1417w\" sizes=\"auto, (max-width: 1024px) 100vw, 1024px\" \/><\/figure><\/div>\n\n<div class=\"wp-block-image is-style-caption-overlay\">\n<figure class=\"aligncenter size-large\"><img alt=\"\" loading=\"lazy\" decoding=\"async\" width=\"1024\" height=\"684\" src=\"https:\/\/asodana23.org\/wp-content\/uploads\/2024\/10\/villlaluenga-DANA23-624-1024x684.jpg\" alt=\"\" class=\"wp-image-24\" srcset=\"https:\/\/asodana23.org\/wp-content\/uploads\/2024\/10\/villlaluenga-DANA23-624-1024x684.jpg 1024w, https:\/\/asodana23.org\/wp-content\/uploads\/2024\/10\/villlaluenga-DANA23-624-300x200.jpg 300w, https:\/\/asodana23.org\/wp-content\/uploads\/2024\/10\/villlaluenga-DANA23-624-768x513.jpg 768w, https:\/\/asodana23.org\/wp-content\/uploads\/2024\/10\/villlaluenga-DANA23-624-600x400.jpg 600w, https:\/\/asodana23.org\/wp-content\/uploads\/2024\/10\/villlaluenga-DANA23-624.jpg 1417w\" sizes=\"auto, (max-width: 1024px) 100vw, 1024px\" \/><\/figure><\/div>\n\n<div class=\"wp-block-image is-style-caption-overlay\">\n<figure class=\"aligncenter size-large\"><img alt=\"\" loading=\"lazy\" decoding=\"async\" width=\"1024\" height=\"684\" src=\"https:\/\/asodana23.org\/wp-content\/uploads\/2024\/10\/villlaluenga-DANA23-671-1024x684.jpg\" alt=\"\" class=\"wp-image-43\" srcset=\"https:\/\/asodana23.org\/wp-content\/uploads\/2024\/10\/villlaluenga-DANA23-671-1024x684.jpg 1024w, https:\/\/asodana23.org\/wp-content\/uploads\/2024\/10\/villlaluenga-DANA23-671-300x200.jpg 300w, https:\/\/asodana23.org\/wp-content\/uploads\/2024\/10\/villlaluenga-DANA23-671-768x513.jpg 768w, https:\/\/asodana23.org\/wp-content\/uploads\/2024\/10\/villlaluenga-DANA23-671-600x400.jpg 600w, https:\/\/asodana23.org\/wp-content\/uploads\/2024\/10\/villlaluenga-DANA23-671.jpg 1417w\" sizes=\"auto, (max-width: 1024px) 100vw, 1024px\" \/><\/figure><\/div><\/div><\/div>\n\n\n\n<div class=\"wp-block-genesis-blocks-gb-column gb-block-layout-column\"><div class=\"gb-block-layout-column-inner\"><div class=\"wp-block-image is-style-caption-overlay\">\n<figure class=\"aligncenter size-large\"><img alt=\"\" loading=\"lazy\" decoding=\"async\" width=\"1024\" height=\"684\" src=\"https:\/\/asodana23.org\/wp-content\/uploads\/2024\/10\/villlaluenga-DANA23-692-1024x684.jpg\" alt=\"\" class=\"wp-image-48\" srcset=\"https:\/\/asodana23.org\/wp-content\/uploads\/2024\/10\/villlaluenga-DANA23-692-1024x684.jpg 1024w, https:\/\/asodana23.org\/wp-content\/uploads\/2024\/10\/villlaluenga-DANA23-692-300x200.jpg 300w, https:\/\/asodana23.org\/wp-content\/uploads\/2024\/10\/villlaluenga-DANA23-692-768x513.jpg 768w, https:\/\/asodana23.org\/wp-content\/uploads\/2024\/10\/villlaluenga-DANA23-692-600x400.jpg 600w, https:\/\/asodana23.org\/wp-content\/uploads\/2024\/10\/villlaluenga-DANA23-692.jpg 1417w\" sizes=\"auto, (max-width: 1024px) 100vw, 1024px\" \/><\/figure><\/div>\n\n<div class=\"wp-block-image is-style-caption-overlay\">\n<figure class=\"aligncenter size-large\"><img alt=\"\" loading=\"lazy\" decoding=\"async\" width=\"1024\" height=\"684\" src=\"https:\/\/asodana23.org\/wp-content\/uploads\/2024\/10\/villlaluenga-DANA23-621-1024x684.jpg\" alt=\"\" class=\"wp-image-22\" srcset=\"https:\/\/asodana23.org\/wp-content\/uploads\/2024\/10\/villlaluenga-DANA23-621-1024x684.jpg 1024w, https:\/\/asodana23.org\/wp-content\/uploads\/2024\/10\/villlaluenga-DANA23-621-300x200.jpg 300w, https:\/\/asodana23.org\/wp-content\/uploads\/2024\/10\/villlaluenga-DANA23-621-768x513.jpg 768w, https:\/\/asodana23.org\/wp-content\/uploads\/2024\/10\/villlaluenga-DANA23-621-600x400.jpg 600w, https:\/\/asodana23.org\/wp-content\/uploads\/2024\/10\/villlaluenga-DANA23-621.jpg 1417w\" sizes=\"auto, (max-width: 1024px) 100vw, 1024px\" \/><\/figure><\/div>\n\n<div class=\"wp-block-image is-style-caption-overlay\">\n<figure class=\"aligncenter size-large\"><img alt=\"\" loading=\"lazy\" decoding=\"async\" width=\"1024\" height=\"684\" src=\"https:\/\/asodana23.org\/wp-content\/uploads\/2024\/10\/villlaluenga-DANA23-723-1024x684.jpg\" alt=\"\" class=\"wp-image-56\" srcset=\"https:\/\/asodana23.org\/wp-content\/uploads\/2024\/10\/villlaluenga-DANA23-723-1024x684.jpg 1024w, https:\/\/asodana23.org\/wp-content\/uploads\/2024\/10\/villlaluenga-DANA23-723-300x200.jpg 300w, https:\/\/asodana23.org\/wp-content\/uploads\/2024\/10\/villlaluenga-DANA23-723-768x513.jpg 768w, https:\/\/asodana23.org\/wp-content\/uploads\/2024\/10\/villlaluenga-DANA23-723-600x400.jpg 600w, https:\/\/asodana23.org\/wp-content\/uploads\/2024\/10\/villlaluenga-DANA23-723.jpg 1417w\" sizes=\"auto, (max-width: 1024px) 100vw, 1024px\" \/><\/figure><\/div><\/div><\/div>\n\n\n\n<div class=\"wp-block-genesis-blocks-gb-column gb-block-layout-column\"><div class=\"gb-block-layout-column-inner\"><div class=\"wp-block-image is-style-caption-overlay\">\n<figure class=\"aligncenter size-large\"><img alt=\"\" loading=\"lazy\" decoding=\"async\" width=\"1024\" height=\"684\" src=\"https:\/\/asodana23.org\/wp-content\/uploads\/2024\/10\/villlaluenga-DANA23-645-1024x684.jpg\" alt=\"\" class=\"wp-image-37\" srcset=\"https:\/\/asodana23.org\/wp-content\/uploads\/2024\/10\/villlaluenga-DANA23-645-1024x684.jpg 1024w, https:\/\/asodana23.org\/wp-content\/uploads\/2024\/10\/villlaluenga-DANA23-645-300x200.jpg 300w, https:\/\/asodana23.org\/wp-content\/uploads\/2024\/10\/villlaluenga-DANA23-645-768x513.jpg 768w, https:\/\/asodana23.org\/wp-content\/uploads\/2024\/10\/villlaluenga-DANA23-645-600x400.jpg 600w, https:\/\/asodana23.org\/wp-content\/uploads\/2024\/10\/villlaluenga-DANA23-645.jpg 1417w\" sizes=\"auto, (max-width: 1024px) 100vw, 1024px\" \/><\/figure><\/div>\n\n<div class=\"wp-block-image is-style-caption-overlay\">\n<figure class=\"aligncenter size-large\"><img alt=\"\" loading=\"lazy\" decoding=\"async\" width=\"1024\" height=\"684\" src=\"https:\/\/asodana23.org\/wp-content\/uploads\/2024\/10\/villlaluenga-DANA23-699-1024x684.jpg\" alt=\"\" class=\"wp-image-49\" srcset=\"https:\/\/asodana23.org\/wp-content\/uploads\/2024\/10\/villlaluenga-DANA23-699-1024x684.jpg 1024w, https:\/\/asodana23.org\/wp-content\/uploads\/2024\/10\/villlaluenga-DANA23-699-300x200.jpg 300w, https:\/\/asodana23.org\/wp-content\/uploads\/2024\/10\/villlaluenga-DANA23-699-768x513.jpg 768w, https:\/\/asodana23.org\/wp-content\/uploads\/2024\/10\/villlaluenga-DANA23-699-600x400.jpg 600w, https:\/\/asodana23.org\/wp-content\/uploads\/2024\/10\/villlaluenga-DANA23-699.jpg 1417w\" sizes=\"auto, (max-width: 1024px) 100vw, 1024px\" \/><\/figure><\/div>\n\n<div class=\"wp-block-image is-style-caption-overlay\">\n<figure class=\"aligncenter size-large\"><img alt=\"\" loading=\"lazy\" decoding=\"async\" width=\"1024\" height=\"689\" src=\"https:\/\/asodana23.org\/wp-content\/uploads\/2024\/10\/villlaluenga-DANA23-647-1024x689.jpg\" alt=\"\" class=\"wp-image-38\" srcset=\"https:\/\/asodana23.org\/wp-content\/uploads\/2024\/10\/villlaluenga-DANA23-647-1024x689.jpg 1024w, https:\/\/asodana23.org\/wp-content\/uploads\/2024\/10\/villlaluenga-DANA23-647-300x202.jpg 300w, https:\/\/asodana23.org\/wp-content\/uploads\/2024\/10\/villlaluenga-DANA23-647-768x517.jpg 768w, https:\/\/asodana23.org\/wp-content\/uploads\/2024\/10\/villlaluenga-DANA23-647.jpg 1417w\" sizes=\"auto, (max-width: 1024px) 100vw, 1024px\" \/><\/figure><\/div><\/div><\/div>\n<\/div><\/div>\n<\/div><\/div>\n<\/div><\/div>\n\n\n\n<figure class=\"wp-block-embed is-type-video is-provider-youtube wp-block-embed-youtube wp-embed-aspect-16-9 wp-has-aspect-ratio\"><div class=\"wp-block-embed__wrapper\">\n<iframe loading=\"lazy\" title=\"CONECTAMOS EXPRESS \/ VIERNES 13 DE OCTUBRE DE 2023\" width=\"500\" height=\"281\" src=\"https:\/\/www.youtube.com\/embed\/bMKC-u92-5k?feature=oembed\" frameborder=\"0\" allow=\"accelerometer; autoplay; clipboard-write; encrypted-media; gyroscope; picture-in-picture; web-share\" referrerpolicy=\"strict-origin-when-cross-origin\" allowfullscreen><\/iframe>\n<\/div><\/figure>\n\n\n\n<div style=\"padding-left:7%;padding-right:6.5%;padding-bottom:2%;padding-top:1.5%\" class=\"wp-block-genesis-blocks-gb-container gb-block-container alignfull\"><div class=\"gb-container-inside\"><div class=\"gb-container-content\" style=\"max-width:1200px\">\n<h2 class=\"wp-block-heading has-text-align-left has-text-color has-link-color wp-elements-fdcb083fae32db7ae1fd2a11d61062c8\" id=\"free-consultation\" style=\"color:#010101\">Contacto<\/h2>\n\n\n\n<hr class=\"wp-block-separator has-css-opacity is-style-theme-separator\"\/>\n<\/div><\/div><\/div>\n\n\n\n<div class=\"wp-block-genesis-blocks-gb-columns gb-layout-contact-1 gb-layout-columns-2 gb-2-col-wideright gb-columns-center alignfull\" style=\"padding-right:8%;padding-bottom:3%;padding-left:8%\"><div class=\"gb-layout-column-wrap gb-block-layout-column-gap-2 gb-is-responsive-column\" style=\"max-width:1923px\">\n<div class=\"wp-block-genesis-blocks-gb-column theme-corners is-style-column-corners gb-block-layout-column gb-is-vertically-aligned-center\"><div class=\"gb-block-layout-column-inner gb-has-custom-background-color\" style=\"padding:40px;background-color:#ffffff\">\n<div class=\"wp-block-genesis-blocks-gb-container gb-block-container\"><div class=\"gb-container-inside\"><div class=\"gb-container-content\" style=\"max-width:1600px\">\n<p><strong>Asociaci\u00f3n Afectados por la Dana 2023 Villaluenga de la Sagra <\/strong><br>G56561475<\/p>\n\n\n\n<p>Calle Baja del Arroyo N 24<\/p>\n\n\n\n<p>Villaluenga de la Sagra (45520), Toledo, Espa\u00f1a<\/p>\n\n\n\n<p>Email: contacto@asodana23.org<br>Tel\u00e9fono: 639337865<\/p>\n<\/div><\/div><\/div>\n<\/div><\/div>\n\n\n\n<div class=\"wp-block-genesis-blocks-gb-column gb-block-layout-column\"><div class=\"gb-block-layout-column-inner\">\n<p><\/p>\n<\/div><\/div>\n<\/div><\/div>\n\n\n\n<h2 class=\"wp-block-heading has-text-align-center has-text-color has-link-color wp-elements-78ad746550c9334b6d31c365baead8c3\" style=\"color:#000000\"><strong>NOVEDADES Y \u00daLTIMAS NOTICIAS<\/strong><\/h2>\n\n\n<section class=\"gb-block-post-grid featuredpost aligncenter\"><div class=\"gb-post-grid-items is-grid columns-2\"><article id=\"post-201\" class=\"gb-post-grid-item post-201 post type-post status-publish format-standard has-post-thumbnail category-novedades entry\"><div class=\"gb-block-post-grid-image\"><a href=\"https:\/\/asodana23.org\/?p=201\" rel=\"bookmark\" aria-hidden=\"true\" tabindex=\"-1\"><img loading=\"lazy\" decoding=\"async\" width=\"989\" height=\"1402\" src=\"https:\/\/asodana23.org\/wp-content\/uploads\/2025\/03\/001C89CA-A7DC-465C-BB3E-E4ECB148F0AB.jpeg\" class=\"attachment-full size-full\" alt=\"\" srcset=\"https:\/\/asodana23.org\/wp-content\/uploads\/2025\/03\/001C89CA-A7DC-465C-BB3E-E4ECB148F0AB.jpeg 989w, https:\/\/asodana23.org\/wp-content\/uploads\/2025\/03\/001C89CA-A7DC-465C-BB3E-E4ECB148F0AB-212x300.jpeg 212w, https:\/\/asodana23.org\/wp-content\/uploads\/2025\/03\/001C89CA-A7DC-465C-BB3E-E4ECB148F0AB-722x1024.jpeg 722w, https:\/\/asodana23.org\/wp-content\/uploads\/2025\/03\/001C89CA-A7DC-465C-BB3E-E4ECB148F0AB-768x1089.jpeg 768w\" sizes=\"auto, (max-width: 989px) 100vw, 989px\" \/><\/a><\/div><div class=\"gb-block-post-grid-text\"><header class=\"gb-block-post-grid-header\"><h3 class=\"gb-block-post-grid-title\"><a href=\"https:\/\/asodana23.org\/?p=201\" rel=\"bookmark\">Clase de Zumba Ben\u00e9fica<\/a><\/h3><div class=\"gb-block-post-grid-byline\"><div class=\"gb-block-post-grid-author\" itemprop=\"author\" itemtype=\"https:\/\/schema.org\/Person\"><a class=\"gb-text-link\" href=\"https:\/\/asodana23.org\/?author=1\" itemprop=\"url\" rel=\"author\"><span itemprop=\"name\">admin<\/span><\/a><\/div><time datetime=\"2024-11-11T19:06:17+00:00\" class=\"gb-block-post-grid-date\" itemprop=\"datePublished\">noviembre 11, 2024<\/time><\/div><\/header><div class=\"gb-block-post-grid-excerpt\"><p>Finalmente recaudamos en torno a 370\u20ac gracias a la participaci\u00f3n de gran numero de personas. Adem\u00e1s, otros 270\u20ac aportados por los socios de Asodana23 se sumaron a esta cantidad que se destinaron \u00edntegramente a C\u00e1ritas Valencia.<\/p>\n<p><a class=\"gb-block-post-grid-more-link gb-text-link\" href=\"https:\/\/asodana23.org\/?p=201\" rel=\"bookmark\">seguir leyendo <span class=\"screen-reader-text\">Clase de Zumba Ben\u00e9fica<\/span><\/a><\/p><\/div><\/div><\/article>\n<article id=\"post-154\" class=\"gb-post-grid-item post-154 post type-post status-publish format-standard has-post-thumbnail category-uncategorized entry\"><div class=\"gb-block-post-grid-image\"><a href=\"https:\/\/asodana23.org\/?p=154\" rel=\"bookmark\" aria-hidden=\"true\" tabindex=\"-1\"><img loading=\"lazy\" decoding=\"async\" width=\"2048\" height=\"2048\" src=\"https:\/\/asodana23.org\/wp-content\/uploads\/2024\/11\/image-1.png\" class=\"attachment-full size-full\" alt=\"\" srcset=\"https:\/\/asodana23.org\/wp-content\/uploads\/2024\/11\/image-1.png 2048w, https:\/\/asodana23.org\/wp-content\/uploads\/2024\/11\/image-1-300x300.png 300w, https:\/\/asodana23.org\/wp-content\/uploads\/2024\/11\/image-1-1024x1024.png 1024w, https:\/\/asodana23.org\/wp-content\/uploads\/2024\/11\/image-1-150x150.png 150w, https:\/\/asodana23.org\/wp-content\/uploads\/2024\/11\/image-1-768x768.png 768w, https:\/\/asodana23.org\/wp-content\/uploads\/2024\/11\/image-1-1536x1536.png 1536w, https:\/\/asodana23.org\/wp-content\/uploads\/2024\/11\/image-1-600x600.png 600w\" sizes=\"auto, (max-width: 2048px) 100vw, 2048px\" \/><\/a><\/div><div class=\"gb-block-post-grid-text\"><header class=\"gb-block-post-grid-header\"><h3 class=\"gb-block-post-grid-title\"><a href=\"https:\/\/asodana23.org\/?p=154\" rel=\"bookmark\">\u00a1La Ayuda Est\u00e1 en Camino!<\/a><\/h3><div class=\"gb-block-post-grid-byline\"><div class=\"gb-block-post-grid-author\" itemprop=\"author\" itemtype=\"https:\/\/schema.org\/Person\"><a class=\"gb-text-link\" href=\"https:\/\/asodana23.org\/?author=1\" itemprop=\"url\" rel=\"author\"><span itemprop=\"name\">admin<\/span><\/a><\/div><time datetime=\"2024-11-04T09:46:50+00:00\" class=\"gb-block-post-grid-date\" itemprop=\"datePublished\">noviembre 4, 2024<\/time><\/div><\/header><div class=\"gb-block-post-grid-excerpt\"><p>\u00a1La Ayuda Est\u00e1 en Camino! Gracias a Todos por Hacerlo Posible Este lunes, con el cami\u00f3n lleno de solidaridad, partimos rumbo a Valencia para entregar los donativos que con tanto cari\u00f1o y esfuerzo hemos reunido para los afectados por la DANA. Esta misi\u00f3n no habr\u00eda sido posible sin la colaboraci\u00f3n de muchas personas que se&hellip;<\/p>\n<p><a class=\"gb-block-post-grid-more-link gb-text-link\" href=\"https:\/\/asodana23.org\/?p=154\" rel=\"bookmark\">seguir leyendo <span class=\"screen-reader-text\">\u00a1La Ayuda Est\u00e1 en Camino!<\/span><\/a><\/p><\/div><\/div><\/article>\n<article id=\"post-153\" class=\"gb-post-grid-item post-153 post type-post status-publish format-standard has-post-thumbnail category-uncategorized entry\"><div class=\"gb-block-post-grid-image\"><a href=\"https:\/\/asodana23.org\/?p=153\" rel=\"bookmark\" aria-hidden=\"true\" tabindex=\"-1\"><img loading=\"lazy\" decoding=\"async\" width=\"1500\" height=\"2000\" src=\"https:\/\/asodana23.org\/wp-content\/uploads\/2024\/11\/image.png\" class=\"attachment-full size-full\" alt=\"\" srcset=\"https:\/\/asodana23.org\/wp-content\/uploads\/2024\/11\/image.png 1500w, https:\/\/asodana23.org\/wp-content\/uploads\/2024\/11\/image-225x300.png 225w, https:\/\/asodana23.org\/wp-content\/uploads\/2024\/11\/image-768x1024.png 768w, https:\/\/asodana23.org\/wp-content\/uploads\/2024\/11\/image-1152x1536.png 1152w\" sizes=\"auto, (max-width: 1500px) 100vw, 1500px\" \/><\/a><\/div><div class=\"gb-block-post-grid-text\"><header class=\"gb-block-post-grid-header\"><h3 class=\"gb-block-post-grid-title\"><a href=\"https:\/\/asodana23.org\/?p=153\" rel=\"bookmark\">Sin t\u00edtulo<\/a><\/h3><div class=\"gb-block-post-grid-byline\"><div class=\"gb-block-post-grid-author\" itemprop=\"author\" itemtype=\"https:\/\/schema.org\/Person\"><a class=\"gb-text-link\" href=\"https:\/\/asodana23.org\/?author=1\" itemprop=\"url\" rel=\"author\"><span itemprop=\"name\">admin<\/span><\/a><\/div><time datetime=\"2024-11-03T09:46:47+00:00\" class=\"gb-block-post-grid-date\" itemprop=\"datePublished\">noviembre 3, 2024<\/time><\/div><\/header><div class=\"gb-block-post-grid-excerpt\"><p>\u00a1Gracias por Vuestra Solidaridad! Avances en la Recogida de Donativos para los Afectados por la DANA en Valencia Queremos dar las gracias a todas las personas que se han acercado para colaborar con donativos de productos de primera necesidad para los afectados por la DANA en Valencia. \u00a1Vuestra generosidad y apoyo est\u00e1n marcando una gran&hellip;<\/p>\n<p><a class=\"gb-block-post-grid-more-link gb-text-link\" href=\"https:\/\/asodana23.org\/?p=153\" rel=\"bookmark\">seguir leyendo <span class=\"screen-reader-text\">Sin t\u00edtulo<\/span><\/a><\/p><\/div><\/div><\/article>\n<article id=\"post-152\" class=\"gb-post-grid-item post-152 post type-post status-publish format-standard has-post-thumbnail category-novedades entry\"><div class=\"gb-block-post-grid-image\"><a href=\"https:\/\/asodana23.org\/?p=152\" rel=\"bookmark\" aria-hidden=\"true\" tabindex=\"-1\"><img loading=\"lazy\" decoding=\"async\" width=\"1415\" height=\"2000\" src=\"https:\/\/asodana23.org\/wp-content\/uploads\/2024\/11\/IMG_7234.jpeg\" class=\"attachment-full size-full\" alt=\"\" srcset=\"https:\/\/asodana23.org\/wp-content\/uploads\/2024\/11\/IMG_7234.jpeg 1415w, https:\/\/asodana23.org\/wp-content\/uploads\/2024\/11\/IMG_7234-212x300.jpeg 212w, https:\/\/asodana23.org\/wp-content\/uploads\/2024\/11\/IMG_7234-724x1024.jpeg 724w, https:\/\/asodana23.org\/wp-content\/uploads\/2024\/11\/IMG_7234-768x1086.jpeg 768w, https:\/\/asodana23.org\/wp-content\/uploads\/2024\/11\/IMG_7234-1087x1536.jpeg 1087w\" sizes=\"auto, (max-width: 1415px) 100vw, 1415px\" \/><\/a><\/div><div class=\"gb-block-post-grid-text\"><header class=\"gb-block-post-grid-header\"><h3 class=\"gb-block-post-grid-title\"><a href=\"https:\/\/asodana23.org\/?p=152\" rel=\"bookmark\">Recogida de Donativos y Enseres para los Afectados por la DANA en Valencia<\/a><\/h3><div class=\"gb-block-post-grid-byline\"><div class=\"gb-block-post-grid-author\" itemprop=\"author\" itemtype=\"https:\/\/schema.org\/Person\"><a class=\"gb-text-link\" href=\"https:\/\/asodana23.org\/?author=1\" itemprop=\"url\" rel=\"author\"><span itemprop=\"name\">admin<\/span><\/a><\/div><time datetime=\"2024-11-01T09:46:45+00:00\" class=\"gb-block-post-grid-date\" itemprop=\"datePublished\">noviembre 1, 2024<\/time><\/div><\/header><div class=\"gb-block-post-grid-excerpt\"><p>Recogida de Donativos y Enseres para los Afectados por la DANA en Valencia La Asociaci\u00f3n Afectados DANA ha iniciado una campa\u00f1a de solidaridad para apoyar a todas las personas afectadas por la reciente DANA (Depresi\u00f3n Aislada en Niveles Altos) en Valencia. Invitamos a toda la comunidad a colaborar mediante donaciones econ\u00f3micas o de productos de&hellip;<\/p>\n<p><a class=\"gb-block-post-grid-more-link gb-text-link\" href=\"https:\/\/asodana23.org\/?p=152\" rel=\"bookmark\">seguir leyendo <span class=\"screen-reader-text\">Recogida de Donativos y Enseres para los Afectados por la DANA en Valencia<\/span><\/a><\/p><\/div><\/div><\/article>\n<article id=\"post-1\" class=\"gb-post-grid-item post-1 post type-post status-publish format-standard has-post-thumbnail category-aparciones-en-prensa category-medios category-novedades entry\"><div class=\"gb-block-post-grid-image\"><a href=\"https:\/\/asodana23.org\/?p=1\" rel=\"bookmark\" aria-hidden=\"true\" tabindex=\"-1\"><img loading=\"lazy\" decoding=\"async\" width=\"900\" height=\"500\" src=\"https:\/\/asodana23.org\/wp-content\/uploads\/2024\/10\/image.png\" class=\"attachment-full size-full\" alt=\"\" srcset=\"https:\/\/asodana23.org\/wp-content\/uploads\/2024\/10\/image.png 900w, https:\/\/asodana23.org\/wp-content\/uploads\/2024\/10\/image-300x167.png 300w, https:\/\/asodana23.org\/wp-content\/uploads\/2024\/10\/image-768x427.png 768w\" sizes=\"auto, (max-width: 900px) 100vw, 900px\" \/><\/a><\/div><div class=\"gb-block-post-grid-text\"><header class=\"gb-block-post-grid-header\"><h3 class=\"gb-block-post-grid-title\"><a href=\"https:\/\/asodana23.org\/?p=1\" rel=\"bookmark\">Creaci\u00f3n de la asociaci\u00f3n Afectados por la Dana<\/a><\/h3><div class=\"gb-block-post-grid-byline\"><div class=\"gb-block-post-grid-author\" itemprop=\"author\" itemtype=\"https:\/\/schema.org\/Person\"><a class=\"gb-text-link\" href=\"https:\/\/asodana23.org\/?author=1\" itemprop=\"url\" rel=\"author\"><span itemprop=\"name\">admin<\/span><\/a><\/div><time datetime=\"2023-10-13T10:43:00+00:00\" class=\"gb-block-post-grid-date\" itemprop=\"datePublished\">octubre 13, 2023<\/time><\/div><\/header><div class=\"gb-block-post-grid-excerpt\"><p>Se crea la Asociaci\u00f3n Afectados por la DANA en Villaluenga de la Sagra TELETOLEDO https:\/\/youtu.be\/bMKC-u92-5k?si=mqDNtpGPTTG0n7bx&amp;t=679<\/p>\n<p><a class=\"gb-block-post-grid-more-link gb-text-link\" href=\"https:\/\/asodana23.org\/?p=1\" rel=\"bookmark\">seguir leyendo <span class=\"screen-reader-text\">Creaci\u00f3n de la asociaci\u00f3n Afectados por la Dana<\/span><\/a><\/p><\/div><\/div><\/article>\n<\/div><\/section>","protected":false},"excerpt":{"rendered":"<p>DANA 2023 EN LOS MEDIOS NOVEDADES Y \u00daLTIMAS NOTICIAS<\/p>\n","protected":false},"author":1,"featured_media":16,"parent":0,"menu_order":0,"comment_status":"closed","ping_status":"closed","template":"templates\/blocks.php","meta":{"_seopress_robots_primary_cat":"","_seopress_titles_title":"","_seopress_titles_desc":"","_seopress_robots_index":"","_genesis_hide_title":true,"_genesis_hide_breadcrumbs":true,"_genesis_hide_singular_image":true,"_genesis_hide_footer_widgets":false,"_genesis_custom_body_class":"","_genesis_custom_post_class":"","_genesis_layout":"full-width-content","footnotes":""},"class_list":{"0":"post-63","1":"page","2":"type-page","3":"status-publish","4":"has-post-thumbnail","6":"entry"},"featured_image_src":"https:\/\/asodana23.org\/wp-content\/uploads\/2024\/10\/Asociacion-Dana-2024-10-11-at-08.04.27.jpeg","featured_image_src_square":"https:\/\/asodana23.org\/wp-content\/uploads\/2024\/10\/Asociacion-Dana-2024-10-11-at-08.04.27.jpeg","_links":{"self":[{"href":"https:\/\/asodana23.org\/index.php?rest_route=\/wp\/v2\/pages\/63","targetHints":{"allow":["GET"]}}],"collection":[{"href":"https:\/\/asodana23.org\/index.php?rest_route=\/wp\/v2\/pages"}],"about":[{"href":"https:\/\/asodana23.org\/index.php?rest_route=\/wp\/v2\/types\/page"}],"author":[{"embeddable":true,"href":"https:\/\/asodana23.org\/index.php?rest_route=\/wp\/v2\/users\/1"}],"replies":[{"embeddable":true,"href":"https:\/\/asodana23.org\/index.php?rest_route=%2Fwp%2Fv2%2Fcomments&post=63"}],"version-history":[{"count":14,"href":"https:\/\/asodana23.org\/index.php?rest_route=\/wp\/v2\/pages\/63\/revisions"}],"predecessor-version":[{"id":150,"href":"https:\/\/asodana23.org\/index.php?rest_route=\/wp\/v2\/pages\/63\/revisions\/150"}],"wp:featuredmedia":[{"embeddable":true,"href":"https:\/\/asodana23.org\/index.php?rest_route=\/wp\/v2\/media\/16"}],"wp:attachment":[{"href":"https:\/\/asodana23.org\/index.php?rest_route=%2Fwp%2Fv2%2Fmedia&parent=63"}],"curies":[{"name":"wp","href":"https:\/\/api.w.org\/{rel}","templated":true}]}}