{"id":106,"date":"2024-10-29T15:23:45","date_gmt":"2024-10-29T15:23:45","guid":{"rendered":"https:\/\/asodana23.org\/?page_id=106"},"modified":"2024-10-29T16:17:25","modified_gmt":"2024-10-29T16:17:25","slug":"noticias","status":"publish","type":"page","link":"https:\/\/asodana23.org\/?page_id=106","title":{"rendered":"Noticias"},"content":{"rendered":"\n<p><strong>Bienvenidos a Nuestro Blog<\/strong><\/p>\n\n\n\n<p>La DANA de septiembre de 2023 dej\u00f3 una huella profunda en Villaluenga de la Sagra, afectando a nuestras viviendas, negocios y, sobre todo, a nuestra comunidad. Esta primera entrada inaugura el blog de la <strong>Asociaci\u00f3n Afectados por la DANA 2023 en Villaluenga de la Sagra<\/strong>, un espacio para mantenernos informados, compartir historias y unir fuerzas en la recuperaci\u00f3n y protecci\u00f3n de nuestro pueblo.<\/p>\n\n\n\n<p><strong>Nuestra Historia y Misi\u00f3n<\/strong><\/p>\n\n\n\n<p>Desde el primer d\u00eda despu\u00e9s de las inundaciones, los vecinos se movilizaron para limpiar y reparar sus hogares, y para ofrecer apoyo a quienes m\u00e1s lo necesitaban. Sin embargo, sabemos que no podemos hacer esto solos. La asociaci\u00f3n naci\u00f3 como respuesta a esta emergencia, con el objetivo de exigir soluciones a largo plazo y asegurar que Villaluenga est\u00e9 mejor preparado para futuros desastres.<\/p>\n\n\n\n<p><strong>\u00bfQu\u00e9 Encontrar\u00e1s en Nuestro Blog?<\/strong><\/p>\n\n\n\n<p>Aqu\u00ed compartiremos actualizaciones sobre nuestras acciones y avances, recursos de ayuda, historias de nuestros vecinos y los pasos necesarios para lograr que se implementen medidas de prevenci\u00f3n efectivas. Adem\u00e1s, publicaremos contenido educativo para que todos comprendamos mejor los riesgos y c\u00f3mo podemos prepararnos ante fen\u00f3menos clim\u00e1ticos extremos.<\/p>\n\n\n\n<p><strong>\u00danete a Nosotros<\/strong><\/p>\n\n\n\n<p>Invitamos a todos los afectados, amigos y simpatizantes a seguir nuestro blog y a unirse a nuestra asociaci\u00f3n. Necesitamos que nuestras voces se escuchen y que nuestras experiencias sirvan como un recordatorio de que la prevenci\u00f3n y la seguridad son derechos fundamentales.<\/p>\n\n\n<section class=\"gb-block-post-grid featuredpost aligncenter\"><div class=\"gb-post-grid-items is-grid columns-2\"><article id=\"post-201\" class=\"gb-post-grid-item post-201 post type-post status-publish format-standard has-post-thumbnail category-novedades entry\"><div class=\"gb-block-post-grid-image\"><a href=\"https:\/\/asodana23.org\/?p=201\" rel=\"bookmark\" aria-hidden=\"true\" tabindex=\"-1\"><img loading=\"lazy\" decoding=\"async\" width=\"989\" height=\"1402\" src=\"https:\/\/asodana23.org\/wp-content\/uploads\/2025\/03\/001C89CA-A7DC-465C-BB3E-E4ECB148F0AB.jpeg\" class=\"attachment-full size-full\" alt=\"\" srcset=\"https:\/\/asodana23.org\/wp-content\/uploads\/2025\/03\/001C89CA-A7DC-465C-BB3E-E4ECB148F0AB.jpeg 989w, https:\/\/asodana23.org\/wp-content\/uploads\/2025\/03\/001C89CA-A7DC-465C-BB3E-E4ECB148F0AB-212x300.jpeg 212w, https:\/\/asodana23.org\/wp-content\/uploads\/2025\/03\/001C89CA-A7DC-465C-BB3E-E4ECB148F0AB-722x1024.jpeg 722w, https:\/\/asodana23.org\/wp-content\/uploads\/2025\/03\/001C89CA-A7DC-465C-BB3E-E4ECB148F0AB-768x1089.jpeg 768w\" sizes=\"auto, (max-width: 989px) 100vw, 989px\" \/><\/a><\/div><div class=\"gb-block-post-grid-text\"><header class=\"gb-block-post-grid-header\"><h3 class=\"gb-block-post-grid-title\"><a href=\"https:\/\/asodana23.org\/?p=201\" rel=\"bookmark\">Clase de Zumba Ben\u00e9fica<\/a><\/h3><div class=\"gb-block-post-grid-byline\"><div class=\"gb-block-post-grid-author\" itemprop=\"author\" itemtype=\"https:\/\/schema.org\/Person\"><a class=\"gb-text-link\" href=\"https:\/\/asodana23.org\/?author=1\" itemprop=\"url\" rel=\"author\"><span itemprop=\"name\">admin<\/span><\/a><\/div><time datetime=\"2024-11-11T19:06:17+00:00\" class=\"gb-block-post-grid-date\" itemprop=\"datePublished\">noviembre 11, 2024<\/time><\/div><\/header><div class=\"gb-block-post-grid-excerpt\"><p>Finalmente recaudamos en torno a 370\u20ac gracias a la participaci\u00f3n de gran numero de personas. Adem\u00e1s, otros 270\u20ac aportados por los socios de Asodana23 se sumaron a esta cantidad que se destinaron \u00edntegramente a C\u00e1ritas Valencia.<\/p>\n<p><a class=\"gb-block-post-grid-more-link gb-text-link\" href=\"https:\/\/asodana23.org\/?p=201\" rel=\"bookmark\">SEGUIR LEYENDO <span class=\"screen-reader-text\">Clase de Zumba Ben\u00e9fica<\/span><\/a><\/p><\/div><\/div><\/article>\n<article id=\"post-154\" class=\"gb-post-grid-item post-154 post type-post status-publish format-standard has-post-thumbnail category-uncategorized entry\"><div class=\"gb-block-post-grid-image\"><a href=\"https:\/\/asodana23.org\/?p=154\" rel=\"bookmark\" aria-hidden=\"true\" tabindex=\"-1\"><img loading=\"lazy\" decoding=\"async\" width=\"2048\" height=\"2048\" src=\"https:\/\/asodana23.org\/wp-content\/uploads\/2024\/11\/image-1.png\" class=\"attachment-full size-full\" alt=\"\" srcset=\"https:\/\/asodana23.org\/wp-content\/uploads\/2024\/11\/image-1.png 2048w, https:\/\/asodana23.org\/wp-content\/uploads\/2024\/11\/image-1-300x300.png 300w, https:\/\/asodana23.org\/wp-content\/uploads\/2024\/11\/image-1-1024x1024.png 1024w, https:\/\/asodana23.org\/wp-content\/uploads\/2024\/11\/image-1-150x150.png 150w, https:\/\/asodana23.org\/wp-content\/uploads\/2024\/11\/image-1-768x768.png 768w, https:\/\/asodana23.org\/wp-content\/uploads\/2024\/11\/image-1-1536x1536.png 1536w, https:\/\/asodana23.org\/wp-content\/uploads\/2024\/11\/image-1-600x600.png 600w\" sizes=\"auto, (max-width: 2048px) 100vw, 2048px\" \/><\/a><\/div><div class=\"gb-block-post-grid-text\"><header class=\"gb-block-post-grid-header\"><h3 class=\"gb-block-post-grid-title\"><a href=\"https:\/\/asodana23.org\/?p=154\" rel=\"bookmark\">\u00a1La Ayuda Est\u00e1 en Camino!<\/a><\/h3><div class=\"gb-block-post-grid-byline\"><div class=\"gb-block-post-grid-author\" itemprop=\"author\" itemtype=\"https:\/\/schema.org\/Person\"><a class=\"gb-text-link\" href=\"https:\/\/asodana23.org\/?author=1\" itemprop=\"url\" rel=\"author\"><span itemprop=\"name\">admin<\/span><\/a><\/div><time datetime=\"2024-11-04T09:46:50+00:00\" class=\"gb-block-post-grid-date\" itemprop=\"datePublished\">noviembre 4, 2024<\/time><\/div><\/header><div class=\"gb-block-post-grid-excerpt\"><p>\u00a1La Ayuda Est\u00e1 en Camino! Gracias a Todos por Hacerlo Posible Este lunes, con el cami\u00f3n lleno de solidaridad, partimos rumbo a Valencia para entregar los donativos que con tanto cari\u00f1o y esfuerzo hemos reunido para los afectados por la DANA. Esta misi\u00f3n no habr\u00eda sido posible sin la colaboraci\u00f3n de muchas personas que se&hellip;<\/p>\n<p><a class=\"gb-block-post-grid-more-link gb-text-link\" href=\"https:\/\/asodana23.org\/?p=154\" rel=\"bookmark\">SEGUIR LEYENDO <span class=\"screen-reader-text\">\u00a1La Ayuda Est\u00e1 en Camino!<\/span><\/a><\/p><\/div><\/div><\/article>\n<article id=\"post-153\" class=\"gb-post-grid-item post-153 post type-post status-publish format-standard has-post-thumbnail category-uncategorized entry\"><div class=\"gb-block-post-grid-image\"><a href=\"https:\/\/asodana23.org\/?p=153\" rel=\"bookmark\" aria-hidden=\"true\" tabindex=\"-1\"><img loading=\"lazy\" decoding=\"async\" width=\"1500\" height=\"2000\" src=\"https:\/\/asodana23.org\/wp-content\/uploads\/2024\/11\/image.png\" class=\"attachment-full size-full\" alt=\"\" srcset=\"https:\/\/asodana23.org\/wp-content\/uploads\/2024\/11\/image.png 1500w, https:\/\/asodana23.org\/wp-content\/uploads\/2024\/11\/image-225x300.png 225w, https:\/\/asodana23.org\/wp-content\/uploads\/2024\/11\/image-768x1024.png 768w, https:\/\/asodana23.org\/wp-content\/uploads\/2024\/11\/image-1152x1536.png 1152w\" sizes=\"auto, (max-width: 1500px) 100vw, 1500px\" \/><\/a><\/div><div class=\"gb-block-post-grid-text\"><header class=\"gb-block-post-grid-header\"><h3 class=\"gb-block-post-grid-title\"><a href=\"https:\/\/asodana23.org\/?p=153\" rel=\"bookmark\">Sin t\u00edtulo<\/a><\/h3><div class=\"gb-block-post-grid-byline\"><div class=\"gb-block-post-grid-author\" itemprop=\"author\" itemtype=\"https:\/\/schema.org\/Person\"><a class=\"gb-text-link\" href=\"https:\/\/asodana23.org\/?author=1\" itemprop=\"url\" rel=\"author\"><span itemprop=\"name\">admin<\/span><\/a><\/div><time datetime=\"2024-11-03T09:46:47+00:00\" class=\"gb-block-post-grid-date\" itemprop=\"datePublished\">noviembre 3, 2024<\/time><\/div><\/header><div class=\"gb-block-post-grid-excerpt\"><p>\u00a1Gracias por Vuestra Solidaridad! Avances en la Recogida de Donativos para los Afectados por la DANA en Valencia Queremos dar las gracias a todas las personas que se han acercado para colaborar con donativos de productos de primera necesidad para los afectados por la DANA en Valencia. \u00a1Vuestra generosidad y apoyo est\u00e1n marcando una gran&hellip;<\/p>\n<p><a class=\"gb-block-post-grid-more-link gb-text-link\" href=\"https:\/\/asodana23.org\/?p=153\" rel=\"bookmark\">SEGUIR LEYENDO <span class=\"screen-reader-text\">Sin t\u00edtulo<\/span><\/a><\/p><\/div><\/div><\/article>\n<article id=\"post-152\" class=\"gb-post-grid-item post-152 post type-post status-publish format-standard has-post-thumbnail category-novedades entry\"><div class=\"gb-block-post-grid-image\"><a href=\"https:\/\/asodana23.org\/?p=152\" rel=\"bookmark\" aria-hidden=\"true\" tabindex=\"-1\"><img loading=\"lazy\" decoding=\"async\" width=\"1415\" height=\"2000\" src=\"https:\/\/asodana23.org\/wp-content\/uploads\/2024\/11\/IMG_7234.jpeg\" class=\"attachment-full size-full\" alt=\"\" srcset=\"https:\/\/asodana23.org\/wp-content\/uploads\/2024\/11\/IMG_7234.jpeg 1415w, https:\/\/asodana23.org\/wp-content\/uploads\/2024\/11\/IMG_7234-212x300.jpeg 212w, https:\/\/asodana23.org\/wp-content\/uploads\/2024\/11\/IMG_7234-724x1024.jpeg 724w, https:\/\/asodana23.org\/wp-content\/uploads\/2024\/11\/IMG_7234-768x1086.jpeg 768w, https:\/\/asodana23.org\/wp-content\/uploads\/2024\/11\/IMG_7234-1087x1536.jpeg 1087w\" sizes=\"auto, (max-width: 1415px) 100vw, 1415px\" \/><\/a><\/div><div class=\"gb-block-post-grid-text\"><header class=\"gb-block-post-grid-header\"><h3 class=\"gb-block-post-grid-title\"><a href=\"https:\/\/asodana23.org\/?p=152\" rel=\"bookmark\">Recogida de Donativos y Enseres para los Afectados por la DANA en Valencia<\/a><\/h3><div class=\"gb-block-post-grid-byline\"><div class=\"gb-block-post-grid-author\" itemprop=\"author\" itemtype=\"https:\/\/schema.org\/Person\"><a class=\"gb-text-link\" href=\"https:\/\/asodana23.org\/?author=1\" itemprop=\"url\" rel=\"author\"><span itemprop=\"name\">admin<\/span><\/a><\/div><time datetime=\"2024-11-01T09:46:45+00:00\" class=\"gb-block-post-grid-date\" itemprop=\"datePublished\">noviembre 1, 2024<\/time><\/div><\/header><div class=\"gb-block-post-grid-excerpt\"><p>Recogida de Donativos y Enseres para los Afectados por la DANA en Valencia La Asociaci\u00f3n Afectados DANA ha iniciado una campa\u00f1a de solidaridad para apoyar a todas las personas afectadas por la reciente DANA (Depresi\u00f3n Aislada en Niveles Altos) en Valencia. Invitamos a toda la comunidad a colaborar mediante donaciones econ\u00f3micas o de productos de&hellip;<\/p>\n<p><a class=\"gb-block-post-grid-more-link gb-text-link\" href=\"https:\/\/asodana23.org\/?p=152\" rel=\"bookmark\">SEGUIR LEYENDO <span class=\"screen-reader-text\">Recogida de Donativos y Enseres para los Afectados por la DANA en Valencia<\/span><\/a><\/p><\/div><\/div><\/article>\n<article id=\"post-1\" class=\"gb-post-grid-item post-1 post type-post status-publish format-standard has-post-thumbnail category-aparciones-en-prensa category-medios category-novedades entry\"><div class=\"gb-block-post-grid-image\"><a href=\"https:\/\/asodana23.org\/?p=1\" rel=\"bookmark\" aria-hidden=\"true\" tabindex=\"-1\"><img loading=\"lazy\" decoding=\"async\" width=\"900\" height=\"500\" src=\"https:\/\/asodana23.org\/wp-content\/uploads\/2024\/10\/image.png\" class=\"attachment-full size-full\" alt=\"\" srcset=\"https:\/\/asodana23.org\/wp-content\/uploads\/2024\/10\/image.png 900w, https:\/\/asodana23.org\/wp-content\/uploads\/2024\/10\/image-300x167.png 300w, https:\/\/asodana23.org\/wp-content\/uploads\/2024\/10\/image-768x427.png 768w\" sizes=\"auto, (max-width: 900px) 100vw, 900px\" \/><\/a><\/div><div class=\"gb-block-post-grid-text\"><header class=\"gb-block-post-grid-header\"><h3 class=\"gb-block-post-grid-title\"><a href=\"https:\/\/asodana23.org\/?p=1\" rel=\"bookmark\">Creaci\u00f3n de la asociaci\u00f3n Afectados por la Dana<\/a><\/h3><div class=\"gb-block-post-grid-byline\"><div class=\"gb-block-post-grid-author\" itemprop=\"author\" itemtype=\"https:\/\/schema.org\/Person\"><a class=\"gb-text-link\" href=\"https:\/\/asodana23.org\/?author=1\" itemprop=\"url\" rel=\"author\"><span itemprop=\"name\">admin<\/span><\/a><\/div><time datetime=\"2023-10-13T10:43:00+00:00\" class=\"gb-block-post-grid-date\" itemprop=\"datePublished\">octubre 13, 2023<\/time><\/div><\/header><div class=\"gb-block-post-grid-excerpt\"><p>Se crea la Asociaci\u00f3n Afectados por la DANA en Villaluenga de la Sagra TELETOLEDO https:\/\/youtu.be\/bMKC-u92-5k?si=mqDNtpGPTTG0n7bx&amp;t=679<\/p>\n<p><a class=\"gb-block-post-grid-more-link gb-text-link\" href=\"https:\/\/asodana23.org\/?p=1\" rel=\"bookmark\">SEGUIR LEYENDO <span class=\"screen-reader-text\">Creaci\u00f3n de la asociaci\u00f3n Afectados por la Dana<\/span><\/a><\/p><\/div><\/div><\/article>\n<\/div><\/section>","protected":false},"excerpt":{"rendered":"<p>Bienvenidos a Nuestro Blog La DANA de septiembre de 2023 dej\u00f3 una huella profunda en Villaluenga de la Sagra, afectando a nuestras viviendas, negocios y, sobre todo, a nuestra comunidad. Esta primera entrada inaugura el blog de la Asociaci\u00f3n Afectados por la DANA 2023 en Villaluenga de la Sagra, un espacio para mantenernos informados, compartir [&hellip;]<\/p>\n","protected":false},"author":1,"featured_media":0,"parent":0,"menu_order":0,"comment_status":"closed","ping_status":"closed","template":"","meta":{"_seopress_robots_primary_cat":"","_seopress_titles_title":"","_seopress_titles_desc":"","_seopress_robots_index":"","_genesis_hide_title":false,"_genesis_hide_breadcrumbs":false,"_genesis_hide_singular_image":false,"_genesis_hide_footer_widgets":false,"_genesis_custom_body_class":"","_genesis_custom_post_class":"","_genesis_layout":"","footnotes":""},"class_list":{"0":"post-106","1":"page","2":"type-page","3":"status-publish","5":"entry"},"featured_image_src":null,"featured_image_src_square":null,"_links":{"self":[{"href":"https:\/\/asodana23.org\/index.php?rest_route=\/wp\/v2\/pages\/106","targetHints":{"allow":["GET"]}}],"collection":[{"href":"https:\/\/asodana23.org\/index.php?rest_route=\/wp\/v2\/pages"}],"about":[{"href":"https:\/\/asodana23.org\/index.php?rest_route=\/wp\/v2\/types\/page"}],"author":[{"embeddable":true,"href":"https:\/\/asodana23.org\/index.php?rest_route=\/wp\/v2\/users\/1"}],"replies":[{"embeddable":true,"href":"https:\/\/asodana23.org\/index.php?rest_route=%2Fwp%2Fv2%2Fcomments&post=106"}],"version-history":[{"count":2,"href":"https:\/\/asodana23.org\/index.php?rest_route=\/wp\/v2\/pages\/106\/revisions"}],"predecessor-version":[{"id":137,"href":"https:\/\/asodana23.org\/index.php?rest_route=\/wp\/v2\/pages\/106\/revisions\/137"}],"wp:attachment":[{"href":"https:\/\/asodana23.org\/index.php?rest_route=%2Fwp%2Fv2%2Fmedia&parent=106"}],"curies":[{"name":"wp","href":"https:\/\/api.w.org\/{rel}","templated":true}]}}